{"id":827,"date":"2009-12-08T19:26:09","date_gmt":"2009-12-09T00:26:09","guid":{"rendered":"http:\/\/site.sima.org.pt\/?page_id=2"},"modified":"2009-12-08T19:26:09","modified_gmt":"2009-12-09T00:26:09","slug":"sobre","status":"publish","type":"page","link":"http:\/\/sima.org.pt\/?page_id=827","title":{"rendered":"Quem somos"},"content":{"rendered":"<p style=\"text-align: justify;\">O SIMA \u00e9 um sindicato vertical, de \u00e2mbito nacional, com mais de trinta anos de hist\u00f3ria, que cobre todos os sectores produtivos da sociedade portuguesa e que desempenha um papel activo junto dos trabalhadores, na defesa e protec\u00e7\u00e3o dos seus direitos.<\/p>\n<p style=\"text-align: justify;\">Somos a voz dos trabalhadores no pa\u00eds e na Europa, para isso estamos filiados nas maiores organiza\u00e7\u00f5es europeia e internacional, respectivamente na Federa\u00e7\u00e3o Europeia dos Metal\u00fargicos (FEM) e na Federa\u00e7\u00e3o Internacional dos Trabalhadores das Ind\u00fastrias Metal\u00fargicas e Afins (FITIM).<\/p>\n<p style=\"text-align: justify;\">O SIMA \u00e9 um sindicato que leva a cabo um sindicalismo s\u00e9rio, actuando com realismo e seriedade junto dos trabalhadores. Apostamos e promovemos o di\u00e1logo.<\/p>\n<p style=\"text-align: justify;\">O SIMA leva a cabo negocia\u00e7\u00e3o colectiva em todos os sectores por n\u00f3s abrangidos, colocamos ao dispor dos nossos associados uma vasta rede de benef\u00edcios bem como um servi\u00e7o de apoio jur\u00eddico, sem qualquer custo adicional. Um servi\u00e7o de contencioso que funciona a n\u00edvel nacional, n\u00e3o s\u00f3 na sede do SIMA, mas tamb\u00e9m que vai junto dos trabalhadores, em diversas empresas, para que esteja ao servi\u00e7o de todos.<\/p>\n<p style=\"text-align: center;\">\n&nbsp;<br \/>\n<b>Tempo de antena do SIMA<\/b><br \/>\n<embed src=\"docs\/varios\/Tempo_de_antena_2012.12.wmv\" height=350 autostart=\"false\"><\/p>\n","protected":false},"excerpt":{"rendered":"<p style=\"text-align: justify;\">O SIMA \u00e9 um sindicato vertical, de \u00e2mbito nacional, com mais de trinta anos de hist\u00f3ria, que cobre todos os sectores produtivos da sociedade portuguesa e que desempenha um papel activo junto dos trabalhadores, na defesa e protec\u00e7\u00e3o dos seus direitos.<\/p>\n<p style=\"text-align: justify;\">Somos a voz dos trabalhadores no pa\u00eds e na Europa, para isso estamos filiados nas maiores organiza\u00e7\u00f5es europeia e internacional, respectivamente na Federa\u00e7\u00e3o Europeia dos Metal\u00fargicos (FEM) e na Federa\u00e7\u00e3o Internacional dos Trabalhadores das Ind\u00fastrias Metal\u00fargicas e Afins (FITIM).<\/p>\n<p style=\"text-align: justify;\">O SIMA \u00e9 um sindicato que leva a cabo um sindicalismo s\u00e9rio, actuando com realismo e seriedade junto dos trabalhadores. Apostamos e promovemos o di\u00e1logo.<\/p>\n<p style=\"text-align: justify;\">O SIMA leva a cabo negocia\u00e7\u00e3o colectiva em todos os sectores por n\u00f3s abrangidos, colocamos ao dispor dos nossos associados uma vasta rede de benef\u00edcios bem como um servi\u00e7o de apoio jur\u00eddico, sem qualquer custo adicional. Um servi\u00e7o de contencioso que funciona a n\u00edvel nacional, n\u00e3o s\u00f3 na sede do SIMA, mas tamb\u00e9m que vai junto dos trabalhadores, em diversas empresas, para que esteja ao servi\u00e7o de todos.<\/p>\n<p style=\"text-align: center;\"> &nbsp; Tempo de antena do SIMA <\/p>\n","protected":false},"author":6,"featured_media":0,"parent":0,"menu_order":0,"comment_status":"open","ping_status":"closed","template":"","meta":{"footnotes":""},"_links":{"self":[{"href":"http:\/\/sima.org.pt\/index.php?rest_route=\/wp\/v2\/pages\/827"}],"collection":[{"href":"http:\/\/sima.org.pt\/index.php?rest_route=\/wp\/v2\/pages"}],"about":[{"href":"http:\/\/sima.org.pt\/index.php?rest_route=\/wp\/v2\/types\/page"}],"author":[{"embeddable":true,"href":"http:\/\/sima.org.pt\/index.php?rest_route=\/wp\/v2\/users\/6"}],"replies":[{"embeddable":true,"href":"http:\/\/sima.org.pt\/index.php?rest_route=%2Fwp%2Fv2%2Fcomments&post=827"}],"version-history":[{"count":0,"href":"http:\/\/sima.org.pt\/index.php?rest_route=\/wp\/v2\/pages\/827\/revisions"}],"wp:attachment":[{"href":"http:\/\/sima.org.pt\/index.php?rest_route=%2Fwp%2Fv2%2Fmedia&parent=827"}],"curies":[{"name":"wp","href":"https:\/\/api.w.org\/{rel}","templated":true}]}}